{"id":38,"date":"2025-09-15T09:14:38","date_gmt":"2025-09-15T12:14:38","guid":{"rendered":"https:\/\/pharmaesthetics.com.br\/?page_id=38"},"modified":"2026-04-28T11:38:09","modified_gmt":"2026-04-28T14:38:09","slug":"sobre-nos","status":"publish","type":"page","link":"https:\/\/pharmaesthetics.com.br\/es\/sobre-nos\/","title":{"rendered":"Qui\u00e9nes somos"},"content":{"rendered":"\t\t<div data-elementor-type=\"wp-page\" data-elementor-id=\"38\" class=\"elementor elementor-38\" data-elementor-post-type=\"page\">\n\t\t\t\t<div class=\"elementor-element elementor-element-986c1b0 e-flex e-con-boxed e-con e-parent\" data-id=\"986c1b0\" data-element_type=\"container\" data-e-type=\"container\" data-settings=\"{&quot;background_background&quot;:&quot;video&quot;,&quot;background_video_link&quot;:&quot;https:\\\/\\\/pharmaesthetics.com.br\\\/wp-content\\\/uploads\\\/2025\\\/10\\\/video_institucional_portugues.mp4&quot;,&quot;background_play_on_mobile&quot;:&quot;yes&quot;}\">\n\t\t\t\t\t<div class=\"e-con-inner\">\n\t\t<div class=\"elementor-background-video-container\">\n\t\t\t\t\t\t\t<video class=\"elementor-background-video-hosted\" role=\"presentation\" autoplay muted playsinline loop><\/video>\n\t\t\t\t\t<\/div>\t\t<div class=\"elementor-element elementor-element-7018f4a elementor-widget-tablet__width-initial elementor-widget elementor-widget-heading\" data-id=\"7018f4a\" data-element_type=\"widget\" data-e-type=\"widget\" data-widget_type=\"heading.default\">\n\t\t\t\t\t<h2 class=\"elementor-heading-title elementor-size-default\">Quando a ci\u00eancia encontra um prop\u00f3sito<\/h2>\t\t\t\t<\/div>\n\t\t\t\t<div class=\"elementor-element elementor-element-9831cca elementor-widget__width-initial elementor-widget elementor-widget-heading\" data-id=\"9831cca\" data-element_type=\"widget\" data-e-type=\"widget\" data-widget_type=\"heading.default\">\n\t\t\t\t\t<p class=\"elementor-heading-title elementor-size-default\">Antecipamos o futuro para melhor atender um Mercado cada vez mais exigente, nos seus processos de controle, normas e par\u00e2metros.<\/p>\t\t\t\t<\/div>\n\t\t\t\t\t<\/div>\n\t\t\t\t<\/div>\n\t\t<div class=\"elementor-element elementor-element-0e33503 e-flex e-con-boxed e-con e-parent\" data-id=\"0e33503\" data-element_type=\"container\" data-e-type=\"container\">\n\t\t\t\t\t<div class=\"e-con-inner\">\n\t\t<div class=\"elementor-element elementor-element-261bb16 e-con-full e-flex e-con e-child\" data-id=\"261bb16\" data-element_type=\"container\" data-e-type=\"container\">\n\t\t\t\t<div class=\"elementor-element elementor-element-75997a0 elementor-widget elementor-widget-image\" data-id=\"75997a0\" data-element_type=\"widget\" data-e-type=\"widget\" data-widget_type=\"image.default\">\n\t\t\t\t\t\t\t\t\t\t\t\t\t\t\t<img fetchpriority=\"high\" decoding=\"async\" width=\"509\" height=\"328\" src=\"https:\/\/pharmaesthetics.com.br\/wp-content\/uploads\/2025\/09\/sobre-historia-fachada.jpg\" class=\"attachment-full size-full wp-image-231\" alt=\"\" srcset=\"https:\/\/pharmaesthetics.com.br\/wp-content\/uploads\/2025\/09\/sobre-historia-fachada.jpg 509w, https:\/\/pharmaesthetics.com.br\/wp-content\/uploads\/2025\/09\/sobre-historia-fachada-300x193.jpg 300w\" sizes=\"(max-width: 509px) 100vw, 509px\" \/>\t\t\t\t\t\t\t\t\t\t\t\t\t\t\t<\/div>\n\t\t\t\t<div class=\"elementor-element elementor-element-19c0ba5 elementor-widget elementor-widget-image\" data-id=\"19c0ba5\" data-element_type=\"widget\" data-e-type=\"widget\" data-widget_type=\"image.default\">\n\t\t\t\t\t\t\t\t\t\t\t\t\t\t\t<img decoding=\"async\" width=\"345\" height=\"432\" src=\"https:\/\/pharmaesthetics.com.br\/wp-content\/uploads\/2025\/09\/sobre-historia-biogelis.jpg\" class=\"attachment-full size-full wp-image-229\" alt=\"\" srcset=\"https:\/\/pharmaesthetics.com.br\/wp-content\/uploads\/2025\/09\/sobre-historia-biogelis.jpg 345w, https:\/\/pharmaesthetics.com.br\/wp-content\/uploads\/2025\/09\/sobre-historia-biogelis-240x300.jpg 240w\" sizes=\"(max-width: 345px) 100vw, 345px\" \/>\t\t\t\t\t\t\t\t\t\t\t\t\t\t\t<\/div>\n\t\t\t\t<\/div>\n\t\t<div class=\"elementor-element elementor-element-9cb0406 e-con-full e-flex e-con e-child\" data-id=\"9cb0406\" data-element_type=\"container\" data-e-type=\"container\">\n\t\t\t\t<div class=\"elementor-element elementor-element-65064ee elementor-widget elementor-widget-heading\" data-id=\"65064ee\" data-element_type=\"widget\" data-e-type=\"widget\" data-widget_type=\"heading.default\">\n\t\t\t\t\t<h1 class=\"elementor-heading-title elementor-size-default\">Nossa hist\u00f3ria<\/h1>\t\t\t\t<\/div>\n\t\t\t\t<div class=\"elementor-element elementor-element-d735c85 elementor-widget elementor-widget-heading\" data-id=\"d735c85\" data-element_type=\"widget\" data-e-type=\"widget\" data-widget_type=\"heading.default\">\n\t\t\t\t\t<p class=\"elementor-heading-title elementor-size-default\">Idealizada e fundada por profissionais que constru\u00edram juntos uma hist\u00f3ria de sucesso no mercado mundial da Medicina Est\u00e9tica com a marca de fios de \u00e1cido polil\u00e1tico (Silhouette Soft) \u2013 Silhouette Lift, presente em mais de 60 pa\u00edses, vendida em 2014 para a empresa brit\u00e2nica Sinclair IS Pharma SA.<br><br>\n\nPharmaesthetics, uma empresa com sede em Luxemburgo, surge para atender \u00e0 necessidade de profissionais na procura por produtos que combinam tecnologia, seguran\u00e7a e efic\u00e1cia \u2013 permitindo que os profissionais da sa\u00fade possam trabalhar respeitando e recuperando as caracter\u00edsticas de cada paciente, seja est\u00e9tica ou terap\u00eautica.<br><br>\n\nSomos uma empresa dedicada ao bem estar. Estudamos e desenvolvemos constantemente novas tecnologias para alcan\u00e7armos o nosso grande objetivo, nossa raz\u00e3o de existir \u2013 elevar a auto-estima, o bem estar e a satisfa\u00e7\u00e3o do maior n\u00famero de pessoas poss\u00edveis.<br><br>\n\nTemos um compromisso com os profissionais da sa\u00fade e seus pacientes.<\/p>\t\t\t\t<\/div>\n\t\t\t\t<div class=\"elementor-element elementor-element-a73c521 elementor-widget elementor-widget-image\" data-id=\"a73c521\" data-element_type=\"widget\" data-e-type=\"widget\" data-widget_type=\"image.default\">\n\t\t\t\t\t\t\t\t\t\t\t\t\t\t\t<img decoding=\"async\" width=\"701\" height=\"243\" src=\"https:\/\/pharmaesthetics.com.br\/wp-content\/uploads\/2025\/09\/sobre-historia-fabrica.jpg\" class=\"attachment-full size-full wp-image-230\" alt=\"\" srcset=\"https:\/\/pharmaesthetics.com.br\/wp-content\/uploads\/2025\/09\/sobre-historia-fabrica.jpg 701w, https:\/\/pharmaesthetics.com.br\/wp-content\/uploads\/2025\/09\/sobre-historia-fabrica-300x104.jpg 300w\" sizes=\"(max-width: 701px) 100vw, 701px\" \/>\t\t\t\t\t\t\t\t\t\t\t\t\t\t\t<\/div>\n\t\t\t\t<\/div>\n\t\t\t\t\t<\/div>\n\t\t\t\t<\/div>\n\t\t<div class=\"elementor-element elementor-element-4f09da8 e-flex e-con-boxed e-con e-parent\" data-id=\"4f09da8\" data-element_type=\"container\" data-e-type=\"container\">\n\t\t\t\t\t<div class=\"e-con-inner\">\n\t\t<div class=\"elementor-element elementor-element-691d88e e-con-full e-flex e-con e-child\" data-id=\"691d88e\" data-element_type=\"container\" data-e-type=\"container\">\n\t\t\t\t<div class=\"elementor-element elementor-element-4b923f4 elementor-widget__width-initial elementor-widget elementor-widget-heading\" data-id=\"4b923f4\" data-element_type=\"widget\" data-e-type=\"widget\" data-widget_type=\"heading.default\">\n\t\t\t\t\t<h1 class=\"elementor-heading-title elementor-size-default\">Qualidade, seguran\u00e7a \ne meio aMbiente<\/h1>\t\t\t\t<\/div>\n\t\t\t\t<div class=\"elementor-element elementor-element-b94c3d3 elementor-widget elementor-widget-heading\" data-id=\"b94c3d3\" data-element_type=\"widget\" data-e-type=\"widget\" data-widget_type=\"heading.default\">\n\t\t\t\t\t<p class=\"elementor-heading-title elementor-size-default\">\nTrabalhamos incansavelmente na busca da efic\u00e1cia e da seguran\u00e7a dos nossos produtos, sempre com comprova\u00e7\u00e3o cient\u00edfica, utilizando e criando as mais modernas tecnologias. Estamos acima e em conformidade com os padr\u00f5es mundiais de qualidade, seguran\u00e7a e meio ambiente.<br><br>\n\nA Pharmaesthetics tem o orgulho de ser o primeiro laborat\u00f3rio brasileiro a produzir o \u00c1cido Hialur\u00f4nico reticulado em diferentes concentra\u00e7\u00f5es, com ou sem lidoca\u00edna e a oferecer um portf\u00f3lio de produtos confi\u00e1veis em solu\u00e7\u00f5es est\u00e9ticas e terap\u00eauticas, utilizando as melhores mat\u00e9rias primas existentes no mundo com o know how de profissionais internacionais que est\u00e3o neste segmento h\u00e1 mais de 20 anos.<\/p>\t\t\t\t<\/div>\n\t\t\t\t<\/div>\n\t\t<div class=\"elementor-element elementor-element-78dd67a e-con-full e-flex e-con e-child\" data-id=\"78dd67a\" data-element_type=\"container\" data-e-type=\"container\">\n\t\t\t\t<div class=\"elementor-element elementor-element-df2a1a5 elementor-widget elementor-widget-image\" data-id=\"df2a1a5\" data-element_type=\"widget\" data-e-type=\"widget\" data-widget_type=\"image.default\">\n\t\t\t\t\t\t\t\t\t\t\t\t\t\t\t<img loading=\"lazy\" decoding=\"async\" width=\"741\" height=\"365\" src=\"https:\/\/pharmaesthetics.com.br\/wp-content\/uploads\/2025\/09\/sobre-laboratorio.jpg\" class=\"attachment-full size-full wp-image-232\" alt=\"\" srcset=\"https:\/\/pharmaesthetics.com.br\/wp-content\/uploads\/2025\/09\/sobre-laboratorio.jpg 741w, https:\/\/pharmaesthetics.com.br\/wp-content\/uploads\/2025\/09\/sobre-laboratorio-300x148.jpg 300w\" sizes=\"(max-width: 741px) 100vw, 741px\" \/>\t\t\t\t\t\t\t\t\t\t\t\t\t\t\t<\/div>\n\t\t\t\t<\/div>\n\t\t\t\t\t<\/div>\n\t\t\t\t<\/div>\n\t\t<div class=\"elementor-element elementor-element-6fc6100 e-flex e-con-boxed e-con e-parent\" data-id=\"6fc6100\" data-element_type=\"container\" data-e-type=\"container\" data-settings=\"{&quot;background_background&quot;:&quot;classic&quot;}\">\n\t\t\t\t\t<div class=\"e-con-inner\">\n\t\t<div class=\"elementor-element elementor-element-40e2ae2 e-con-full e-flex e-con e-child\" data-id=\"40e2ae2\" data-element_type=\"container\" data-e-type=\"container\">\n\t\t\t\t<div class=\"elementor-element elementor-element-63fdfe6 elementor-widget elementor-widget-heading\" data-id=\"63fdfe6\" data-element_type=\"widget\" data-e-type=\"widget\" data-widget_type=\"heading.default\">\n\t\t\t\t\t<h2 class=\"elementor-heading-title elementor-size-default\">Evoluir sempre<\/h2>\t\t\t\t<\/div>\n\t\t\t\t<div class=\"elementor-element elementor-element-b147a2c elementor-widget elementor-widget-heading\" data-id=\"b147a2c\" data-element_type=\"widget\" data-e-type=\"widget\" data-widget_type=\"heading.default\">\n\t\t\t\t\t<div class=\"elementor-heading-title elementor-size-default\">Nosso objetivo \u00e9 evoluir sempre para cuidar e garantir o bem estar, bem como agregar valor \u00e0s pr\u00e1ticas di\u00e1rias\u00a0de nossos clientes.<\/div>\t\t\t\t<\/div>\n\t\t\t\t<div class=\"elementor-element elementor-element-a99f26a elementor-widget elementor-widget-heading\" data-id=\"a99f26a\" data-element_type=\"widget\" data-e-type=\"widget\" data-widget_type=\"heading.default\">\n\t\t\t\t\t<div class=\"elementor-heading-title elementor-size-default\"><a href=\"\/wp-content\/uploads\/2026\/04\/relatorio-de-transparencia-e-igualdade-salarial-1o-semestre-2026.pdf\" target=\"_blank\">Relat\u00f3rio igualdade salarial 2026<\/a><\/div>\t\t\t\t<\/div>\n\t\t\t\t<div class=\"elementor-element elementor-element-cd37ca9 elementor-widget elementor-widget-heading\" data-id=\"cd37ca9\" data-element_type=\"widget\" data-e-type=\"widget\" data-widget_type=\"heading.default\">\n\t\t\t\t\t<div class=\"elementor-heading-title elementor-size-default\"><a href=\"\/wp-content\/uploads\/2025\/10\/RelatorioIgualdadeSalarialLote_2025_2_27711659000102.pdf\" target=\"_blank\">Relat\u00f3rio igualdade salarial 2025<\/a><\/div>\t\t\t\t<\/div>\n\t\t\t\t<\/div>\n\t\t<div class=\"elementor-element elementor-element-3ecb3ab e-con-full e-flex e-con e-child\" data-id=\"3ecb3ab\" data-element_type=\"container\" data-e-type=\"container\">\n\t\t\t\t<div class=\"elementor-element elementor-element-2d950a9 elementor-widget elementor-widget-heading\" data-id=\"2d950a9\" data-element_type=\"widget\" data-e-type=\"widget\" data-widget_type=\"heading.default\">\n\t\t\t\t\t<h3 class=\"elementor-heading-title elementor-size-default\">Miss\u00e3o<\/h3>\t\t\t\t<\/div>\n\t\t\t\t<div class=\"elementor-element elementor-element-0b204a5 elementor-widget elementor-widget-heading\" data-id=\"0b204a5\" data-element_type=\"widget\" data-e-type=\"widget\" data-widget_type=\"heading.default\">\n\t\t\t\t\t<div class=\"elementor-heading-title elementor-size-default\">Atuar no mercado est\u00e9tico e farmac\u00eautico, inovando, desenvolvendo, produzindo e comercializando produtos com qualidade, proporcionando aos profissionais e seus pacientes produtos e tratamentos inovadores.<\/div>\t\t\t\t<\/div>\n\t\t\t\t<\/div>\n\t\t<div class=\"elementor-element elementor-element-131574d e-con-full e-flex e-con e-child\" data-id=\"131574d\" data-element_type=\"container\" data-e-type=\"container\">\n\t\t\t\t<div class=\"elementor-element elementor-element-a36e6f7 elementor-widget elementor-widget-heading\" data-id=\"a36e6f7\" data-element_type=\"widget\" data-e-type=\"widget\" data-widget_type=\"heading.default\">\n\t\t\t\t\t<h3 class=\"elementor-heading-title elementor-size-default\">Vis\u00e3o<\/h3>\t\t\t\t<\/div>\n\t\t\t\t<div class=\"elementor-element elementor-element-dafb590 elementor-widget elementor-widget-heading\" data-id=\"dafb590\" data-element_type=\"widget\" data-e-type=\"widget\" data-widget_type=\"heading.default\">\n\t\t\t\t\t<div class=\"elementor-heading-title elementor-size-default\">Ser a empresa l\u00edder no mercado est\u00e9tico e terap\u00eautico e uma marca global de refer\u00eancia em tratamento est\u00e9tico.<\/div>\t\t\t\t<\/div>\n\t\t\t\t<\/div>\n\t\t\t\t\t<\/div>\n\t\t\t\t<\/div>\n\t\t<div class=\"elementor-element elementor-element-ec7c33c e-flex e-con-boxed e-con e-parent\" data-id=\"ec7c33c\" data-element_type=\"container\" data-e-type=\"container\">\n\t\t\t\t\t<div class=\"e-con-inner\">\n\t\t\t\t<div class=\"elementor-element elementor-element-a462138 elementor-widget elementor-widget-heading\" data-id=\"a462138\" data-element_type=\"widget\" data-e-type=\"widget\" data-widget_type=\"heading.default\">\n\t\t\t\t\t<h2 class=\"elementor-heading-title elementor-size-default\">Somos fi\u00e9is aos<\/h2>\t\t\t\t<\/div>\n\t\t\t\t<div class=\"elementor-element elementor-element-14b08a2 elementor-widget elementor-widget-heading\" data-id=\"14b08a2\" data-element_type=\"widget\" data-e-type=\"widget\" data-widget_type=\"heading.default\">\n\t\t\t\t\t<h2 class=\"elementor-heading-title elementor-size-default\">nossos valores<\/h2>\t\t\t\t<\/div>\n\t\t<div class=\"elementor-element elementor-element-55f80be e-con-full e-flex e-con e-child\" data-id=\"55f80be\" data-element_type=\"container\" data-e-type=\"container\">\n\t\t<div class=\"elementor-element elementor-element-36f8672 e-con-full e-flex e-con e-child\" data-id=\"36f8672\" data-element_type=\"container\" data-e-type=\"container\">\n\t\t\t\t<div class=\"elementor-element elementor-element-54fd7fd elementor-widget elementor-widget-image\" data-id=\"54fd7fd\" data-element_type=\"widget\" data-e-type=\"widget\" data-widget_type=\"image.default\">\n\t\t\t\t\t\t\t\t\t\t\t\t\t\t\t<img loading=\"lazy\" decoding=\"async\" width=\"100\" height=\"100\" src=\"https:\/\/pharmaesthetics.com.br\/wp-content\/uploads\/2025\/09\/sobre-valores-nosso-jeito.svg\" class=\"attachment-full size-full wp-image-236\" alt=\"\" \/>\t\t\t\t\t\t\t\t\t\t\t\t\t\t\t<\/div>\n\t\t\t\t<div class=\"elementor-element elementor-element-97573ad elementor-widget elementor-widget-heading\" data-id=\"97573ad\" data-element_type=\"widget\" data-e-type=\"widget\" data-widget_type=\"heading.default\">\n\t\t\t\t\t<h3 class=\"elementor-heading-title elementor-size-default\">Nosso jeito<\/h3>\t\t\t\t<\/div>\n\t\t\t\t<div class=\"elementor-element elementor-element-9000906 elementor-widget elementor-widget-heading\" data-id=\"9000906\" data-element_type=\"widget\" data-e-type=\"widget\" data-widget_type=\"heading.default\">\n\t\t\t\t\t<div class=\"elementor-heading-title elementor-size-default\">Temos a mentalidade e atitude inovadoras. Trabalhamos sem cessar para sermos cada vez mais produtivos. Interagimos respeitosamente com as pessoas, comunidades e meio ambiente.<\/div>\t\t\t\t<\/div>\n\t\t\t\t<\/div>\n\t\t<div class=\"elementor-element elementor-element-77b2b8a e-con-full e-flex e-con e-child\" data-id=\"77b2b8a\" data-element_type=\"container\" data-e-type=\"container\">\n\t\t\t\t<div class=\"elementor-element elementor-element-9ab934a elementor-widget elementor-widget-image\" data-id=\"9ab934a\" data-element_type=\"widget\" data-e-type=\"widget\" data-widget_type=\"image.default\">\n\t\t\t\t\t\t\t\t\t\t\t\t\t\t\t<img loading=\"lazy\" decoding=\"async\" width=\"100\" height=\"100\" src=\"https:\/\/pharmaesthetics.com.br\/wp-content\/uploads\/2025\/09\/sobre-valores-qualidade.svg\" class=\"attachment-full size-full wp-image-239\" alt=\"\" \/>\t\t\t\t\t\t\t\t\t\t\t\t\t\t\t<\/div>\n\t\t\t\t<div class=\"elementor-element elementor-element-5ad4bf6 elementor-widget elementor-widget-heading\" data-id=\"5ad4bf6\" data-element_type=\"widget\" data-e-type=\"widget\" data-widget_type=\"heading.default\">\n\t\t\t\t\t<h3 class=\"elementor-heading-title elementor-size-default\">Qualidade<\/h3>\t\t\t\t<\/div>\n\t\t\t\t<div class=\"elementor-element elementor-element-e7e74e4 elementor-widget elementor-widget-heading\" data-id=\"e7e74e4\" data-element_type=\"widget\" data-e-type=\"widget\" data-widget_type=\"heading.default\">\n\t\t\t\t\t<div class=\"elementor-heading-title elementor-size-default\">Colocamos a qualidade em primeiro lugar em tudo que fazemos, adotando solu\u00e7\u00f5es com consist\u00eancia e efic\u00e1cia.<\/div>\t\t\t\t<\/div>\n\t\t\t\t<\/div>\n\t\t<div class=\"elementor-element elementor-element-bf80b04 e-con-full e-flex e-con e-child\" data-id=\"bf80b04\" data-element_type=\"container\" data-e-type=\"container\">\n\t\t\t\t<div class=\"elementor-element elementor-element-ea31826 elementor-widget elementor-widget-image\" data-id=\"ea31826\" data-element_type=\"widget\" data-e-type=\"widget\" data-widget_type=\"image.default\">\n\t\t\t\t\t\t\t\t\t\t\t\t\t\t\t<img loading=\"lazy\" decoding=\"async\" width=\"100\" height=\"100\" src=\"https:\/\/pharmaesthetics.com.br\/wp-content\/uploads\/2025\/09\/sobre-valores-pessoas.svg\" class=\"attachment-full size-full wp-image-238\" alt=\"\" \/>\t\t\t\t\t\t\t\t\t\t\t\t\t\t\t<\/div>\n\t\t\t\t<div class=\"elementor-element elementor-element-bc31b5d elementor-widget elementor-widget-heading\" data-id=\"bc31b5d\" data-element_type=\"widget\" data-e-type=\"widget\" data-widget_type=\"heading.default\">\n\t\t\t\t\t<h3 class=\"elementor-heading-title elementor-size-default\">Pessoas<\/h3>\t\t\t\t<\/div>\n\t\t\t\t<div class=\"elementor-element elementor-element-9eb3c99 elementor-widget elementor-widget-heading\" data-id=\"9eb3c99\" data-element_type=\"widget\" data-e-type=\"widget\" data-widget_type=\"heading.default\">\n\t\t\t\t\t<div class=\"elementor-heading-title elementor-size-default\">Gostamos do que fazemos, promovemos um clima organizacional motivador em um ambiente aberto, transparente e com intenso desenvolvimento. Valorizamos e reconhecemos nossos colaboradores e o trabalho em equipe.<\/div>\t\t\t\t<\/div>\n\t\t\t\t<\/div>\n\t\t<div class=\"elementor-element elementor-element-e330da4 e-con-full e-flex e-con e-child\" data-id=\"e330da4\" data-element_type=\"container\" data-e-type=\"container\">\n\t\t\t\t<div class=\"elementor-element elementor-element-909f5ec elementor-widget elementor-widget-image\" data-id=\"909f5ec\" data-element_type=\"widget\" data-e-type=\"widget\" data-widget_type=\"image.default\">\n\t\t\t\t\t\t\t\t\t\t\t\t\t\t\t<img loading=\"lazy\" decoding=\"async\" width=\"100\" height=\"100\" src=\"https:\/\/pharmaesthetics.com.br\/wp-content\/uploads\/2025\/09\/sobre-valores-pacientes.svg\" class=\"attachment-full size-full wp-image-237\" alt=\"\" \/>\t\t\t\t\t\t\t\t\t\t\t\t\t\t\t<\/div>\n\t\t\t\t<div class=\"elementor-element elementor-element-c5c7336 elementor-widget elementor-widget-heading\" data-id=\"c5c7336\" data-element_type=\"widget\" data-e-type=\"widget\" data-widget_type=\"heading.default\">\n\t\t\t\t\t<h3 class=\"elementor-heading-title elementor-size-default\">Pacientes<\/h3>\t\t\t\t<\/div>\n\t\t\t\t<div class=\"elementor-element elementor-element-f88bcd5 elementor-widget elementor-widget-heading\" data-id=\"f88bcd5\" data-element_type=\"widget\" data-e-type=\"widget\" data-widget_type=\"heading.default\">\n\t\t\t\t\t<div class=\"elementor-heading-title elementor-size-default\">Entendemos que os pacientes s\u00e3o a principal raz\u00e3o do nosso neg\u00f3cio.<\/div>\t\t\t\t<\/div>\n\t\t\t\t<\/div>\n\t\t<div class=\"elementor-element elementor-element-4c98309 e-con-full e-flex e-con e-child\" data-id=\"4c98309\" data-element_type=\"container\" data-e-type=\"container\">\n\t\t\t\t<div class=\"elementor-element elementor-element-5f52cdc elementor-widget elementor-widget-image\" data-id=\"5f52cdc\" data-element_type=\"widget\" data-e-type=\"widget\" data-widget_type=\"image.default\">\n\t\t\t\t\t\t\t\t\t\t\t\t\t\t\t<img loading=\"lazy\" decoding=\"async\" width=\"100\" height=\"100\" src=\"https:\/\/pharmaesthetics.com.br\/wp-content\/uploads\/2025\/09\/sobre-valores-resultado.svg\" class=\"attachment-full size-full wp-image-240\" alt=\"\" \/>\t\t\t\t\t\t\t\t\t\t\t\t\t\t\t<\/div>\n\t\t\t\t<div class=\"elementor-element elementor-element-82e9872 elementor-widget elementor-widget-heading\" data-id=\"82e9872\" data-element_type=\"widget\" data-e-type=\"widget\" data-widget_type=\"heading.default\">\n\t\t\t\t\t<h3 class=\"elementor-heading-title elementor-size-default\">Resultado<\/h3>\t\t\t\t<\/div>\n\t\t\t\t<div class=\"elementor-element elementor-element-d6d57e1 elementor-widget elementor-widget-heading\" data-id=\"d6d57e1\" data-element_type=\"widget\" data-e-type=\"widget\" data-widget_type=\"heading.default\">\n\t\t\t\t\t<div class=\"elementor-heading-title elementor-size-default\">Buscamos sempre os melhores resultados respeitando as normas e os limites \u00e9ticos.<\/div>\t\t\t\t<\/div>\n\t\t\t\t<\/div>\n\t\t\t\t<\/div>\n\t\t\t\t\t<\/div>\n\t\t\t\t<\/div>\n\t\t<div class=\"elementor-element elementor-element-3bc39fb e-con-full e-flex e-con e-parent\" data-id=\"3bc39fb\" data-element_type=\"container\" data-e-type=\"container\">\n\t\t\t\t<div class=\"elementor-element elementor-element-bfa0a5d elementor-widget elementor-widget-template\" data-id=\"bfa0a5d\" data-element_type=\"widget\" data-e-type=\"widget\" data-widget_type=\"template.default\">\n\t\t\t\t<div class=\"elementor-widget-container\">\n\t\t\t\t\t\t\t<div class=\"elementor-template\">\n\t\t\t\t\t<div data-elementor-type=\"section\" data-elementor-id=\"2090\" class=\"elementor elementor-2090\" data-elementor-post-type=\"elementor_library\">\n\t\t\t<div class=\"elementor-element elementor-element-c1e3da3 e-flex e-con-boxed e-con e-parent\" data-id=\"c1e3da3\" data-element_type=\"container\" data-e-type=\"container\" data-settings=\"{&quot;background_background&quot;:&quot;classic&quot;}\">\n\t\t\t\t\t<div class=\"e-con-inner\">\n\t\t\t\t<div class=\"elementor-element elementor-element-90526ce elementor-widget elementor-widget-heading\" data-id=\"90526ce\" data-element_type=\"widget\" data-e-type=\"widget\" data-widget_type=\"heading.default\">\n\t\t\t\t\t<h2 class=\"elementor-heading-title elementor-size-default\">Headquarters<\/h2>\t\t\t\t<\/div>\n\t\t\t\t<div class=\"elementor-element elementor-element-d2d07ff elementor-hidden-desktop elementor-hidden-tablet_extra elementor-hidden-tablet elementor-hidden-mobile elementor-widget elementor-widget-heading\" data-id=\"d2d07ff\" data-element_type=\"widget\" data-e-type=\"widget\" data-widget_type=\"heading.default\">\n\t\t\t\t\t<h2 class=\"elementor-heading-title elementor-size-default\">Luxemburgo<\/h2>\t\t\t\t<\/div>\n\t\t\t\t<div class=\"elementor-element elementor-element-b06eccd elementor-arrows-position-inside elementor-widget elementor-widget-n-carousel\" data-id=\"b06eccd\" data-element_type=\"widget\" data-e-type=\"widget\" data-settings=\"{&quot;carousel_items&quot;:[{&quot;slide_title&quot;:&quot;F\\u00c1BIO D. CAPINAN&quot;,&quot;_id&quot;:&quot;3735099&quot;},{&quot;slide_title&quot;:&quot;LUIZ FELIPE CAMARGO&quot;,&quot;_id&quot;:&quot;fd7f88f&quot;},{&quot;slide_title&quot;:&quot;LAURENT BOUVIER&quot;,&quot;_id&quot;:&quot;42a8261&quot;}],&quot;slides_to_show&quot;:&quot;3&quot;,&quot;slides_to_show_tablet_extra&quot;:&quot;3&quot;,&quot;slides_to_scroll&quot;:&quot;1&quot;,&quot;slides_to_scroll_tablet_extra&quot;:&quot;1&quot;,&quot;slides_to_scroll_tablet&quot;:&quot;1&quot;,&quot;slides_to_scroll_mobile&quot;:&quot;1&quot;,&quot;image_spacing_custom&quot;:{&quot;unit&quot;:&quot;px&quot;,&quot;size&quot;:0,&quot;sizes&quot;:[]},&quot;image_spacing_custom_tablet_extra&quot;:{&quot;unit&quot;:&quot;px&quot;,&quot;size&quot;:0,&quot;sizes&quot;:[]},&quot;image_spacing_custom_tablet&quot;:{&quot;unit&quot;:&quot;px&quot;,&quot;size&quot;:0,&quot;sizes&quot;:[]},&quot;image_spacing_custom_mobile&quot;:{&quot;unit&quot;:&quot;px&quot;,&quot;size&quot;:0,&quot;sizes&quot;:[]},&quot;slides_to_show_tablet&quot;:&quot;2&quot;,&quot;slides_to_show_mobile&quot;:&quot;1&quot;,&quot;speed&quot;:500,&quot;arrows&quot;:&quot;yes&quot;}\" data-widget_type=\"nested-carousel.default\">\n\t\t\t\t\t\t\t<div class=\"e-n-carousel swiper\" role=\"region\" aria-roledescription=\"carousel\" aria-label=\"Carrossel\" dir=\"ltr\">\n\t\t\t<div class=\"swiper-wrapper\" aria-live=\"polite\">\n\t\t\t\t\t\t\t\t\t\t<div class=\"swiper-slide\" data-slide=\"1\" role=\"group\" aria-roledescription=\"slide\" aria-label=\"1 de 3\">\n\t\t\t\t\t\t\t<div class=\"elementor-element elementor-element-12904a5 e-flex e-con-boxed e-con e-child\" data-id=\"12904a5\" data-element_type=\"container\" data-e-type=\"container\">\n\t\t\t\t\t<div class=\"e-con-inner\">\n\t\t<div class=\"elementor-element elementor-element-8233673 e-con-full e-flex e-con e-child\" data-id=\"8233673\" data-element_type=\"container\" data-e-type=\"container\">\n\t\t\t\t<div class=\"elementor-element elementor-element-9bbdada elementor-widget elementor-widget-image\" data-id=\"9bbdada\" data-element_type=\"widget\" data-e-type=\"widget\" data-widget_type=\"image.default\">\n\t\t\t\t\t\t\t\t\t\t\t\t\t\t\t<img loading=\"lazy\" decoding=\"async\" width=\"240\" height=\"244\" src=\"https:\/\/pharmaesthetics.com.br\/wp-content\/uploads\/2025\/09\/sobre-headquartes-fabio-capinan.png\" class=\"attachment-full size-full wp-image-224\" alt=\"\" \/>\t\t\t\t\t\t\t\t\t\t\t\t\t\t\t<\/div>\n\t\t<div class=\"elementor-element elementor-element-f07cc3e e-con-full e-flex e-con e-child\" data-id=\"f07cc3e\" data-element_type=\"container\" data-e-type=\"container\">\n\t\t\t\t<div class=\"elementor-element elementor-element-bdc0d16 elementor-widget elementor-widget-heading\" data-id=\"bdc0d16\" data-element_type=\"widget\" data-e-type=\"widget\" data-widget_type=\"heading.default\">\n\t\t\t\t\t<h3 class=\"elementor-heading-title elementor-size-default\">F\u00c1BIO D. CAPINAN<\/h3>\t\t\t\t<\/div>\n\t\t\t\t<div class=\"elementor-element elementor-element-26dcb33 elementor-widget elementor-widget-heading\" data-id=\"26dcb33\" data-element_type=\"widget\" data-e-type=\"widget\" data-widget_type=\"heading.default\">\n\t\t\t\t\t<h4 class=\"elementor-heading-title elementor-size-default\">FUNDADOR<\/h4>\t\t\t\t<\/div>\n\t\t\t\t<div class=\"elementor-element elementor-element-2b5cb17 elementor-widget elementor-widget-heading\" data-id=\"2b5cb17\" data-element_type=\"widget\" data-e-type=\"widget\" data-widget_type=\"heading.default\">\n\t\t\t\t\t<p class=\"elementor-heading-title elementor-size-default\">Fundador, Presidente e CEO da Lancelot Investments S.A. controladora da Pharmaesthetics Group do Brasil. O Sr. Capinan tem uma s\u00f3lida experi\u00eancia em distribui\u00e7\u00e3o realizando um trabalho importante para a Silhouette Lift Inc. Sua empresa representou 50% das vendas globais da Silhouette Lift, que foi vendida para uma farmac\u00eautica inglesa de capital aberto em 2014. Ele \u00e9 formado em Engenharia Mec\u00e2nica com especializa\u00e7\u00e3o em Rob\u00f3tica pela Universidade de S\u00e3o Paulo (USP).<\/p>\t\t\t\t<\/div>\n\t\t\t\t<\/div>\n\t\t\t\t<\/div>\n\t\t\t\t\t<\/div>\n\t\t\t\t<\/div>\n\t\t\t\t\t\t\t\t<\/div>\n\t\t\t\t\t\t\t\t\t\t\t<div class=\"swiper-slide\" data-slide=\"2\" role=\"group\" aria-roledescription=\"slide\" aria-label=\"2 de 3\">\n\t\t\t\t\t\t\t<div class=\"elementor-element elementor-element-7ac0c6e e-flex e-con-boxed e-con e-child\" data-id=\"7ac0c6e\" data-element_type=\"container\" data-e-type=\"container\">\n\t\t\t\t\t<div class=\"e-con-inner\">\n\t\t<div class=\"elementor-element elementor-element-6d40b73 e-con-full e-flex e-con e-child\" data-id=\"6d40b73\" data-element_type=\"container\" data-e-type=\"container\">\n\t\t\t\t<div class=\"elementor-element elementor-element-a8d31e2 elementor-widget elementor-widget-image\" data-id=\"a8d31e2\" data-element_type=\"widget\" data-e-type=\"widget\" data-widget_type=\"image.default\">\n\t\t\t\t\t\t\t\t\t\t\t\t\t\t\t<img loading=\"lazy\" decoding=\"async\" width=\"240\" height=\"240\" src=\"https:\/\/pharmaesthetics.com.br\/wp-content\/uploads\/2025\/09\/sobre-headquartes-patrick-schupak.png\" class=\"attachment-full size-full wp-image-225\" alt=\"\" srcset=\"https:\/\/pharmaesthetics.com.br\/wp-content\/uploads\/2025\/09\/sobre-headquartes-patrick-schupak.png 240w, https:\/\/pharmaesthetics.com.br\/wp-content\/uploads\/2025\/09\/sobre-headquartes-patrick-schupak-150x150.png 150w\" sizes=\"(max-width: 240px) 100vw, 240px\" \/>\t\t\t\t\t\t\t\t\t\t\t\t\t\t\t<\/div>\n\t\t<div class=\"elementor-element elementor-element-93094a5 e-con-full e-flex e-con e-child\" data-id=\"93094a5\" data-element_type=\"container\" data-e-type=\"container\">\n\t\t\t\t<div class=\"elementor-element elementor-element-3e067d1 elementor-widget elementor-widget-heading\" data-id=\"3e067d1\" data-element_type=\"widget\" data-e-type=\"widget\" data-widget_type=\"heading.default\">\n\t\t\t\t\t<h3 class=\"elementor-heading-title elementor-size-default\">PATRICK SCHUPAK<\/h3>\t\t\t\t<\/div>\n\t\t\t\t<div class=\"elementor-element elementor-element-00e3dc6 elementor-widget elementor-widget-heading\" data-id=\"00e3dc6\" data-element_type=\"widget\" data-e-type=\"widget\" data-widget_type=\"heading.default\">\n\t\t\t\t\t<h4 class=\"elementor-heading-title elementor-size-default\">CO FUNDADOR<\/h4>\t\t\t\t<\/div>\n\t\t\t\t<div class=\"elementor-element elementor-element-4d69b6f elementor-widget elementor-widget-heading\" data-id=\"4d69b6f\" data-element_type=\"widget\" data-e-type=\"widget\" data-widget_type=\"heading.default\">\n\t\t\t\t\t<p class=\"elementor-heading-title elementor-size-default\">Fundador e Presidente do Conselho da Lancelot Investments S.A., controladora da Pharmaesthetics Group do Brasil. O Sr. Schupak tem uma extensa experi\u00eancia e conhecimento no campo da est\u00e9tica adquiridos por meio do lan\u00e7amento bem-sucedido do Silhouette Lift. Ele foi fundador e CEO da Silhouette Lift, empresa que alcan\u00e7ou o sucesso em mais de 60 pa\u00edses at\u00e9 sua aquisi\u00e7\u00e3o em 2014, pela Sinclair Pharma SA, uma empresa inglesa de capital aberto.<\/p>\t\t\t\t<\/div>\n\t\t\t\t<\/div>\n\t\t\t\t<\/div>\n\t\t\t\t\t<\/div>\n\t\t\t\t<\/div>\n\t\t\t\t\t\t\t\t<\/div>\n\t\t\t\t\t\t\t\t\t\t\t<div class=\"swiper-slide\" data-slide=\"3\" role=\"group\" aria-roledescription=\"slide\" aria-label=\"3 de 3\">\n\t\t\t\t\t\t\t<div class=\"elementor-element elementor-element-f7b08f7 e-flex e-con-boxed e-con e-child\" data-id=\"f7b08f7\" data-element_type=\"container\" data-e-type=\"container\">\n\t\t\t\t\t<div class=\"e-con-inner\">\n\t\t<div class=\"elementor-element elementor-element-1d2db93 e-con-full e-flex e-con e-child\" data-id=\"1d2db93\" data-element_type=\"container\" data-e-type=\"container\">\n\t\t\t\t<div class=\"elementor-element elementor-element-fe5b09d elementor-widget elementor-widget-image\" data-id=\"fe5b09d\" data-element_type=\"widget\" data-e-type=\"widget\" data-widget_type=\"image.default\">\n\t\t\t\t\t\t\t\t\t\t\t\t\t\t\t<img loading=\"lazy\" decoding=\"async\" width=\"296\" height=\"296\" src=\"https:\/\/pharmaesthetics.com.br\/wp-content\/uploads\/2025\/11\/laurent-bouvier.png\" class=\"attachment-full size-full wp-image-1898\" alt=\"\" srcset=\"https:\/\/pharmaesthetics.com.br\/wp-content\/uploads\/2025\/11\/laurent-bouvier.png 296w, https:\/\/pharmaesthetics.com.br\/wp-content\/uploads\/2025\/11\/laurent-bouvier-150x150.png 150w, https:\/\/pharmaesthetics.com.br\/wp-content\/uploads\/2025\/11\/laurent-bouvier-12x12.png 12w\" sizes=\"(max-width: 296px) 100vw, 296px\" \/>\t\t\t\t\t\t\t\t\t\t\t\t\t\t\t<\/div>\n\t\t<div class=\"elementor-element elementor-element-edb1c9e e-con-full e-flex e-con e-child\" data-id=\"edb1c9e\" data-element_type=\"container\" data-e-type=\"container\">\n\t\t\t\t<div class=\"elementor-element elementor-element-0093502 elementor-widget elementor-widget-heading\" data-id=\"0093502\" data-element_type=\"widget\" data-e-type=\"widget\" data-widget_type=\"heading.default\">\n\t\t\t\t\t<h3 class=\"elementor-heading-title elementor-size-default\">LAURENT BOUVIER<\/h3>\t\t\t\t<\/div>\n\t\t\t\t<div class=\"elementor-element elementor-element-c5a7569 elementor-widget elementor-widget-heading\" data-id=\"c5a7569\" data-element_type=\"widget\" data-e-type=\"widget\" data-widget_type=\"heading.default\">\n\t\t\t\t\t<h4 class=\"elementor-heading-title elementor-size-default\">CONSELHEIRO S\u00caNIOR<\/h4>\t\t\t\t<\/div>\n\t\t\t\t<div class=\"elementor-element elementor-element-85888f7 elementor-widget elementor-widget-heading\" data-id=\"85888f7\" data-element_type=\"widget\" data-e-type=\"widget\" data-widget_type=\"heading.default\">\n\t\t\t\t\t<p class=\"elementor-heading-title elementor-size-default\">Conselheiro s\u00eanior da Lancelot Investment S.A., empresa controladora do Pharmaesthetics Group do Brasil, e tamb\u00e9m s\u00f3cio-fundador e membro do conselho da Kartesia, uma das principais gestoras pan-europeias de investimento em d\u00edvida e private equity. Antes de fundar a Kartesia, em 2013, Laurent cofundou os fundos Altercap, na LBO France, onde levantou e investiu com sucesso 500 milh\u00f5es de euros em oportunidades de cr\u00e9dito corporativo.  Iniciou sua carreira no Cr\u00e9dit Agricole CIB (anteriormente Cr\u00e9dit Agricole Indosuez), onde atuou inicialmente com financiamento de projetos no setor de telecomunica\u00e7\u00f5es. \n<\/p>\t\t\t\t<\/div>\n\t\t\t\t<\/div>\n\t\t\t\t<\/div>\n\t\t\t\t\t<\/div>\n\t\t\t\t<\/div>\n\t\t\t\t\t\t\t\t<\/div>\n\t\t\t\t\t\t\t\t<\/div>\n\t\t<\/div>\n\t\t\t\t\t<div class=\"elementor-swiper-button elementor-swiper-button-prev\" role=\"button\" tabindex=\"0\" aria-label=\"Anterior\">\n\t\t\t\t<svg xmlns=\"http:\/\/www.w3.org\/2000\/svg\" width=\"30\" height=\"30\" viewBox=\"0 0 30 30\" fill=\"none\"><rect x=\"-0.5\" y=\"0.5\" width=\"29\" height=\"29\" rx=\"2.5\" transform=\"matrix(-1 0 0 1 29 0)\" stroke=\"#009EDE\"><\/rect><g clip-path=\"url(#clip0_148_1233)\"><path d=\"M15.2139 8.72852L8.11989 15.8225L15.2062 22.9088\" stroke=\"#009EDE\" stroke-width=\"1.3\" stroke-miterlimit=\"10\"><\/path><path d=\"M22.3002 15.8148L8.11989 15.8225\" stroke=\"#009EDE\" stroke-width=\"1.3\" stroke-miterlimit=\"10\"><\/path><\/g><defs><clipPath id=\"clip0_148_1233\"><rect width=\"11.2272\" height=\"11.2151\" fill=\"white\" transform=\"matrix(-0.707107 0.707107 0.707107 0.707107 15.0693 7.88428)\"><\/rect><\/clipPath><\/defs><\/svg>\t\t\t<\/div>\n\t\t\t<div class=\"elementor-swiper-button elementor-swiper-button-next\" role=\"button\" tabindex=\"0\" aria-label=\"Pr\u00f3ximo\">\n\t\t\t\t<svg xmlns=\"http:\/\/www.w3.org\/2000\/svg\" width=\"30\" height=\"30\" viewBox=\"0 0 30 30\" fill=\"none\"><rect x=\"0.5\" y=\"0.5\" width=\"29\" height=\"29\" rx=\"2.5\" stroke=\"#009EDE\"><\/rect><g clip-path=\"url(#clip0_148_1820)\"><path d=\"M14.7861 7.72862L21.8801 14.8226L14.7938 21.9089\" stroke=\"#009EDE\" stroke-width=\"1.3\" stroke-miterlimit=\"10\"><\/path><path d=\"M7.69985 14.8149L21.8801 14.8226\" stroke=\"#009EDE\" stroke-width=\"1.3\" stroke-miterlimit=\"10\"><\/path><\/g><defs><clipPath id=\"clip0_148_1820\"><rect width=\"11.2272\" height=\"11.2151\" fill=\"white\" transform=\"translate(14.9302 6.88428) rotate(45)\"><\/rect><\/clipPath><\/defs><\/svg>\t\t\t<\/div>\n\t\t\t\t\t\t<\/div>\n\t\t\t\t\t<\/div>\n\t\t\t\t<\/div>\n\t\t\t\t<\/div>\n\t\t\t\t<\/div>\n\t\t\t\t\t\t<\/div>\n\t\t\t\t<\/div>\n\t\t\t\t<\/div>\n\t\t<div class=\"elementor-element elementor-element-f721573 e-con-full e-flex e-con e-parent\" data-id=\"f721573\" data-element_type=\"container\" data-e-type=\"container\">\n\t\t\t\t<div class=\"elementor-element elementor-element-00cdb80 elementor-widget elementor-widget-template\" data-id=\"00cdb80\" data-element_type=\"widget\" data-e-type=\"widget\" data-widget_type=\"template.default\">\n\t\t\t\t<div class=\"elementor-widget-container\">\n\t\t\t\t\t\t\t<div class=\"elementor-template\">\n\t\t\t\t\t<div data-elementor-type=\"section\" data-elementor-id=\"2094\" class=\"elementor elementor-2094\" data-elementor-post-type=\"elementor_library\">\n\t\t\t<div class=\"elementor-element elementor-element-ac4c64b e-flex e-con-boxed e-con e-parent\" data-id=\"ac4c64b\" data-element_type=\"container\" data-e-type=\"container\">\n\t\t\t\t\t<div class=\"e-con-inner\">\n\t\t\t\t<div class=\"elementor-element elementor-element-113d265 elementor-widget elementor-widget-heading\" data-id=\"113d265\" data-element_type=\"widget\" data-e-type=\"widget\" data-widget_type=\"heading.default\">\n\t\t\t\t\t<h2 class=\"elementor-heading-title elementor-size-default\">Lideran\u00e7a<\/h2>\t\t\t\t<\/div>\n\t\t\t\t<div class=\"elementor-element elementor-element-78c82fe elementor-widget elementor-widget-heading\" data-id=\"78c82fe\" data-element_type=\"widget\" data-e-type=\"widget\" data-widget_type=\"heading.default\">\n\t\t\t\t\t<h2 class=\"elementor-heading-title elementor-size-default\">Brasil<\/h2>\t\t\t\t<\/div>\n\t\t\t\t<div class=\"elementor-element elementor-element-68d165e elementor-arrows-position-inside elementor-widget elementor-widget-n-carousel\" data-id=\"68d165e\" data-element_type=\"widget\" data-e-type=\"widget\" data-settings=\"{&quot;carousel_items&quot;:[{&quot;slide_title&quot;:&quot;JULIO MENDON\\u00c7A&quot;,&quot;_id&quot;:&quot;3735099&quot;},{&quot;slide_title&quot;:&quot;CLAUDIO HENRIQUE CABRAL&quot;,&quot;_id&quot;:&quot;cb04317&quot;},{&quot;slide_title&quot;:&quot;LUIZ FELIPE CAMARGO&quot;,&quot;_id&quot;:&quot;fd7f88f&quot;},{&quot;slide_title&quot;:&quot;VITOR MORIGUTI&quot;,&quot;_id&quot;:&quot;ad48920&quot;},{&quot;slide_title&quot;:&quot;ANA LUCIA PAIX\\u00c3O&quot;,&quot;_id&quot;:&quot;1f2ebbb&quot;},{&quot;slide_title&quot;:&quot;REBECA SOLDA&quot;,&quot;_id&quot;:&quot;df59a22&quot;},{&quot;slide_title&quot;:&quot;ALEXANDRE MARIA&quot;,&quot;_id&quot;:&quot;ef24da6&quot;},{&quot;slide_title&quot;:&quot;CRISTIANO MARQUES&quot;,&quot;_id&quot;:&quot;619bc41&quot;}],&quot;slides_to_show&quot;:&quot;3&quot;,&quot;slides_to_show_tablet_extra&quot;:&quot;3&quot;,&quot;slides_to_scroll&quot;:&quot;1&quot;,&quot;slides_to_scroll_tablet_extra&quot;:&quot;1&quot;,&quot;slides_to_scroll_tablet&quot;:&quot;1&quot;,&quot;slides_to_scroll_mobile&quot;:&quot;1&quot;,&quot;image_spacing_custom&quot;:{&quot;unit&quot;:&quot;px&quot;,&quot;size&quot;:0,&quot;sizes&quot;:[]},&quot;image_spacing_custom_tablet_extra&quot;:{&quot;unit&quot;:&quot;px&quot;,&quot;size&quot;:0,&quot;sizes&quot;:[]},&quot;image_spacing_custom_tablet&quot;:{&quot;unit&quot;:&quot;px&quot;,&quot;size&quot;:0,&quot;sizes&quot;:[]},&quot;image_spacing_custom_mobile&quot;:{&quot;unit&quot;:&quot;px&quot;,&quot;size&quot;:0,&quot;sizes&quot;:[]},&quot;slides_to_show_tablet&quot;:&quot;2&quot;,&quot;slides_to_show_mobile&quot;:&quot;1&quot;,&quot;speed&quot;:500,&quot;arrows&quot;:&quot;yes&quot;}\" data-widget_type=\"nested-carousel.default\">\n\t\t\t\t\t\t\t<div class=\"e-n-carousel swiper\" role=\"region\" aria-roledescription=\"carousel\" aria-label=\"Carrossel\" dir=\"ltr\">\n\t\t\t<div class=\"swiper-wrapper\" aria-live=\"polite\">\n\t\t\t\t\t\t\t\t\t\t<div class=\"swiper-slide\" data-slide=\"1\" role=\"group\" aria-roledescription=\"slide\" aria-label=\"1 de 8\">\n\t\t\t\t\t\t\t<div class=\"elementor-element elementor-element-d3a5c5e e-flex e-con-boxed e-con e-child\" data-id=\"d3a5c5e\" data-element_type=\"container\" data-e-type=\"container\">\n\t\t\t\t\t<div class=\"e-con-inner\">\n\t\t<div class=\"elementor-element elementor-element-8c44a14 e-con-full e-flex e-con e-child\" data-id=\"8c44a14\" data-element_type=\"container\" data-e-type=\"container\">\n\t\t\t\t<div class=\"elementor-element elementor-element-061ac2a elementor-widget elementor-widget-image\" data-id=\"061ac2a\" data-element_type=\"widget\" data-e-type=\"widget\" data-widget_type=\"image.default\">\n\t\t\t\t\t\t\t\t\t\t\t\t\t\t\t<img loading=\"lazy\" decoding=\"async\" width=\"240\" height=\"240\" src=\"https:\/\/pharmaesthetics.com.br\/wp-content\/uploads\/2026\/04\/sobre-lideranca-brasil-julio-mendonca-2.png\" class=\"attachment-full size-full wp-image-2119\" alt=\"\" srcset=\"https:\/\/pharmaesthetics.com.br\/wp-content\/uploads\/2026\/04\/sobre-lideranca-brasil-julio-mendonca-2.png 240w, https:\/\/pharmaesthetics.com.br\/wp-content\/uploads\/2026\/04\/sobre-lideranca-brasil-julio-mendonca-2-150x150.png 150w, https:\/\/pharmaesthetics.com.br\/wp-content\/uploads\/2026\/04\/sobre-lideranca-brasil-julio-mendonca-2-12x12.png 12w\" sizes=\"(max-width: 240px) 100vw, 240px\" \/>\t\t\t\t\t\t\t\t\t\t\t\t\t\t\t<\/div>\n\t\t<div class=\"elementor-element elementor-element-3d8a625 e-con-full e-flex e-con e-child\" data-id=\"3d8a625\" data-element_type=\"container\" data-e-type=\"container\">\n\t\t\t\t<div class=\"elementor-element elementor-element-e171eda elementor-widget elementor-widget-heading\" data-id=\"e171eda\" data-element_type=\"widget\" data-e-type=\"widget\" data-widget_type=\"heading.default\">\n\t\t\t\t\t<h3 class=\"elementor-heading-title elementor-size-default\">JULIO MENDON\u00c7A<\/h3>\t\t\t\t<\/div>\n\t\t\t\t<div class=\"elementor-element elementor-element-000e4db elementor-widget elementor-widget-heading\" data-id=\"000e4db\" data-element_type=\"widget\" data-e-type=\"widget\" data-widget_type=\"heading.default\">\n\t\t\t\t\t<h4 class=\"elementor-heading-title elementor-size-default\">CCO<\/h4>\t\t\t\t<\/div>\n\t\t\t\t<div class=\"elementor-element elementor-element-13c4941 elementor-widget elementor-widget-heading\" data-id=\"13c4941\" data-element_type=\"widget\" data-e-type=\"widget\" data-widget_type=\"heading.default\">\n\t\t\t\t\t<p class=\"elementor-heading-title elementor-size-default\">Graduado em Administra\u00e7\u00e3o de Empresas e MBA de Gest\u00e3o Comercial pela FGV e pela StartSe; Julio Mendon\u00e7a tem s\u00f3lida trajet\u00f3ria nas \u00e1reas comercial e de marketing, atuando em empresas l\u00edderes dos segmentos farmac\u00eautico e est\u00e9tica injet\u00e1vel. Especialista em planejamento comercial, estrutura\u00e7\u00e3o de for\u00e7as de vendas, desenvolvimento de pessoas e lideran\u00e7a de transforma\u00e7\u00f5es organizacionais orientadas a performance.<\/p>\t\t\t\t<\/div>\n\t\t\t\t<\/div>\n\t\t\t\t<\/div>\n\t\t\t\t\t<\/div>\n\t\t\t\t<\/div>\n\t\t\t\t\t\t\t\t<\/div>\n\t\t\t\t\t\t\t\t\t\t\t<div class=\"swiper-slide\" data-slide=\"2\" role=\"group\" aria-roledescription=\"slide\" aria-label=\"2 de 8\">\n\t\t\t\t\t\t\t<div class=\"elementor-element elementor-element-1b7ca29 e-flex e-con-boxed e-con e-child\" data-id=\"1b7ca29\" data-element_type=\"container\" data-e-type=\"container\">\n\t\t\t\t\t<div class=\"e-con-inner\">\n\t\t<div class=\"elementor-element elementor-element-2e8ee76 e-con-full e-flex e-con e-child\" data-id=\"2e8ee76\" data-element_type=\"container\" data-e-type=\"container\">\n\t\t\t\t<div class=\"elementor-element elementor-element-33605c4 elementor-widget elementor-widget-image\" data-id=\"33605c4\" data-element_type=\"widget\" data-e-type=\"widget\" data-widget_type=\"image.default\">\n\t\t\t\t\t\t\t\t\t\t\t\t\t\t\t<img loading=\"lazy\" decoding=\"async\" width=\"240\" height=\"240\" src=\"https:\/\/pharmaesthetics.com.br\/wp-content\/uploads\/2025\/09\/sobre-lideranca-brasil-claudio-cabral.png\" class=\"attachment-full size-full wp-image-233\" alt=\"\" srcset=\"https:\/\/pharmaesthetics.com.br\/wp-content\/uploads\/2025\/09\/sobre-lideranca-brasil-claudio-cabral.png 240w, https:\/\/pharmaesthetics.com.br\/wp-content\/uploads\/2025\/09\/sobre-lideranca-brasil-claudio-cabral-150x150.png 150w\" sizes=\"(max-width: 240px) 100vw, 240px\" \/>\t\t\t\t\t\t\t\t\t\t\t\t\t\t\t<\/div>\n\t\t<div class=\"elementor-element elementor-element-33f9325 e-con-full e-flex e-con e-child\" data-id=\"33f9325\" data-element_type=\"container\" data-e-type=\"container\">\n\t\t\t\t<div class=\"elementor-element elementor-element-4395cf8 elementor-widget elementor-widget-heading\" data-id=\"4395cf8\" data-element_type=\"widget\" data-e-type=\"widget\" data-widget_type=\"heading.default\">\n\t\t\t\t\t<h3 class=\"elementor-heading-title elementor-size-default\">CLAUDIO HENRIQUE CABRAL<\/h3>\t\t\t\t<\/div>\n\t\t\t\t<div class=\"elementor-element elementor-element-fc89a33 elementor-widget elementor-widget-heading\" data-id=\"fc89a33\" data-element_type=\"widget\" data-e-type=\"widget\" data-widget_type=\"heading.default\">\n\t\t\t\t\t<h4 class=\"elementor-heading-title elementor-size-default\">COO<\/h4>\t\t\t\t<\/div>\n\t\t\t\t<div class=\"elementor-element elementor-element-a6647c5 elementor-widget elementor-widget-heading\" data-id=\"a6647c5\" data-element_type=\"widget\" data-e-type=\"widget\" data-widget_type=\"heading.default\">\n\t\t\t\t\t<p class=\"elementor-heading-title elementor-size-default\">Farmac\u00eautico Industrial e Advogado, especialista em Assuntos Regulat\u00f3rios com mais de 30 anos de experi\u00eancia em ind\u00fastria farmac\u00eautica nas \u00e1reas de Assuntos Regulat\u00f3rios (Regulatory Affairs and CMC), incluindo produtos biol\u00f3gicos e vacinas, Controle de Qualidade, Garantia de Qualidade e Desenvolvimento de Novos Produtos. Tem expertise em novos projetos\/PDP\u00b4s (Parcerias de Desenvolvimento Produtivo) e ampla experi\u00eancia em auditorias, inclusive internacionais.<\/p>\t\t\t\t<\/div>\n\t\t\t\t<\/div>\n\t\t\t\t<\/div>\n\t\t\t\t\t<\/div>\n\t\t\t\t<\/div>\n\t\t\t\t\t\t\t\t<\/div>\n\t\t\t\t\t\t\t\t\t\t\t<div class=\"swiper-slide\" data-slide=\"3\" role=\"group\" aria-roledescription=\"slide\" aria-label=\"3 de 8\">\n\t\t\t\t\t\t\t<div class=\"elementor-element elementor-element-909f42f e-flex e-con-boxed e-con e-child\" data-id=\"909f42f\" data-element_type=\"container\" data-e-type=\"container\">\n\t\t\t\t\t<div class=\"e-con-inner\">\n\t\t<div class=\"elementor-element elementor-element-cb0eaf6 e-con-full e-flex e-con e-child\" data-id=\"cb0eaf6\" data-element_type=\"container\" data-e-type=\"container\">\n\t\t\t\t<div class=\"elementor-element elementor-element-131ef73 elementor-widget elementor-widget-image\" data-id=\"131ef73\" data-element_type=\"widget\" data-e-type=\"widget\" data-widget_type=\"image.default\">\n\t\t\t\t\t\t\t\t\t\t\t\t\t\t\t<img loading=\"lazy\" decoding=\"async\" width=\"240\" height=\"240\" src=\"https:\/\/pharmaesthetics.com.br\/wp-content\/uploads\/2025\/09\/sobre-lideranca-brasil-luiz-felipe-camargo.png\" class=\"attachment-full size-full wp-image-234\" alt=\"\" srcset=\"https:\/\/pharmaesthetics.com.br\/wp-content\/uploads\/2025\/09\/sobre-lideranca-brasil-luiz-felipe-camargo.png 240w, https:\/\/pharmaesthetics.com.br\/wp-content\/uploads\/2025\/09\/sobre-lideranca-brasil-luiz-felipe-camargo-150x150.png 150w\" sizes=\"(max-width: 240px) 100vw, 240px\" \/>\t\t\t\t\t\t\t\t\t\t\t\t\t\t\t<\/div>\n\t\t<div class=\"elementor-element elementor-element-b6abeee e-con-full e-flex e-con e-child\" data-id=\"b6abeee\" data-element_type=\"container\" data-e-type=\"container\">\n\t\t\t\t<div class=\"elementor-element elementor-element-e7dfe28 elementor-widget elementor-widget-heading\" data-id=\"e7dfe28\" data-element_type=\"widget\" data-e-type=\"widget\" data-widget_type=\"heading.default\">\n\t\t\t\t\t<h3 class=\"elementor-heading-title elementor-size-default\">LUIZ FELIPE CAMARGO<\/h3>\t\t\t\t<\/div>\n\t\t\t\t<div class=\"elementor-element elementor-element-3973e00 elementor-widget elementor-widget-heading\" data-id=\"3973e00\" data-element_type=\"widget\" data-e-type=\"widget\" data-widget_type=\"heading.default\">\n\t\t\t\t\t<h4 class=\"elementor-heading-title elementor-size-default\">CFO<\/h4>\t\t\t\t<\/div>\n\t\t\t\t<div class=\"elementor-element elementor-element-02d13fa elementor-widget elementor-widget-heading\" data-id=\"02d13fa\" data-element_type=\"widget\" data-e-type=\"widget\" data-widget_type=\"heading.default\">\n\t\t\t\t\t<p class=\"elementor-heading-title elementor-size-default\">Graduado em Economia e Administra\u00e7\u00e3o de Empresas pelo Insper, com especializa\u00e7\u00e3o em Finan\u00e7as Corporativas pela Wharton School, da University of Pennsylvania. Felipe trilhou carreira no mercado Financeiro, onde se especializou em transa\u00e7\u00f5es societ\u00e1rias e reestrutura\u00e7\u00e3o de empresas. Adicionalmente, teve passagem pela \u00e1rea de cr\u00e9dito no Banco Safra e em gestoras de ativos, onde liderou iniciativas estrat\u00e9gicas e identificou oportunidades de crescimento em setores-chave.<\/p>\t\t\t\t<\/div>\n\t\t\t\t<\/div>\n\t\t\t\t<\/div>\n\t\t\t\t\t<\/div>\n\t\t\t\t<\/div>\n\t\t\t\t\t\t\t\t<\/div>\n\t\t\t\t\t\t\t\t\t\t\t<div class=\"swiper-slide\" data-slide=\"4\" role=\"group\" aria-roledescription=\"slide\" aria-label=\"4 de 8\">\n\t\t\t\t\t\t\t<div class=\"elementor-element elementor-element-7f03771 e-flex e-con-boxed e-con e-child\" data-id=\"7f03771\" data-element_type=\"container\" data-e-type=\"container\">\n\t\t\t\t\t<div class=\"e-con-inner\">\n\t\t<div class=\"elementor-element elementor-element-6f48a97 e-con-full e-flex e-con e-child\" data-id=\"6f48a97\" data-element_type=\"container\" data-e-type=\"container\">\n\t\t\t\t<div class=\"elementor-element elementor-element-b2f8907 elementor-widget elementor-widget-image\" data-id=\"b2f8907\" data-element_type=\"widget\" data-e-type=\"widget\" data-widget_type=\"image.default\">\n\t\t\t\t\t\t\t\t\t\t\t\t\t\t\t<img loading=\"lazy\" decoding=\"async\" width=\"240\" height=\"240\" src=\"https:\/\/pharmaesthetics.com.br\/wp-content\/uploads\/2026\/04\/sobre-lideranca-brasil-alexandre-maria-2.png\" class=\"attachment-full size-full wp-image-2118\" alt=\"\" srcset=\"https:\/\/pharmaesthetics.com.br\/wp-content\/uploads\/2026\/04\/sobre-lideranca-brasil-alexandre-maria-2.png 240w, https:\/\/pharmaesthetics.com.br\/wp-content\/uploads\/2026\/04\/sobre-lideranca-brasil-alexandre-maria-2-150x150.png 150w, https:\/\/pharmaesthetics.com.br\/wp-content\/uploads\/2026\/04\/sobre-lideranca-brasil-alexandre-maria-2-12x12.png 12w\" sizes=\"(max-width: 240px) 100vw, 240px\" \/>\t\t\t\t\t\t\t\t\t\t\t\t\t\t\t<\/div>\n\t\t<div class=\"elementor-element elementor-element-6eb9f05 e-con-full e-flex e-con e-child\" data-id=\"6eb9f05\" data-element_type=\"container\" data-e-type=\"container\">\n\t\t\t\t<div class=\"elementor-element elementor-element-8519be2 elementor-widget elementor-widget-heading\" data-id=\"8519be2\" data-element_type=\"widget\" data-e-type=\"widget\" data-widget_type=\"heading.default\">\n\t\t\t\t\t<h3 class=\"elementor-heading-title elementor-size-default\">VITOR MORIGUTI<\/h3>\t\t\t\t<\/div>\n\t\t\t\t<div class=\"elementor-element elementor-element-7fb9a6d elementor-widget elementor-widget-heading\" data-id=\"7fb9a6d\" data-element_type=\"widget\" data-e-type=\"widget\" data-widget_type=\"heading.default\">\n\t\t\t\t\t<h4 class=\"elementor-heading-title elementor-size-default\">CSO<\/h4>\t\t\t\t<\/div>\n\t\t\t\t<div class=\"elementor-element elementor-element-0c69bdd elementor-widget elementor-widget-heading\" data-id=\"0c69bdd\" data-element_type=\"widget\" data-e-type=\"widget\" data-widget_type=\"heading.default\">\n\t\t\t\t\t<p class=\"elementor-heading-title elementor-size-default\">Engenheiro de Produ\u00e7\u00e3o graduado pela Escola Polit\u00e9cnica da USP. Antes de se juntar \u00e0 Pharmaesthetics, Vitor construiu uma s\u00f3lida trajet\u00f3ria no mercado financeiro, atuando como consultor financeiro em transa\u00e7\u00f5es societ\u00e1rias relevantes em diversos setores. Vitor atuou previamente na Olimpia Partners, no setor de fus\u00f5es e aquisi\u00e7\u00f5es, e no BTG Pactual.<\/p>\t\t\t\t<\/div>\n\t\t\t\t<\/div>\n\t\t\t\t<\/div>\n\t\t\t\t\t<\/div>\n\t\t\t\t<\/div>\n\t\t\t\t\t\t\t\t<\/div>\n\t\t\t\t\t\t\t\t\t\t\t<div class=\"swiper-slide\" data-slide=\"5\" role=\"group\" aria-roledescription=\"slide\" aria-label=\"5 de 8\">\n\t\t\t\t\t\t\t<div class=\"elementor-element elementor-element-f9ef099 e-flex e-con-boxed e-con e-child\" data-id=\"f9ef099\" data-element_type=\"container\" data-e-type=\"container\">\n\t\t\t\t\t<div class=\"e-con-inner\">\n\t\t<div class=\"elementor-element elementor-element-36d9eb7 e-con-full e-flex e-con e-child\" data-id=\"36d9eb7\" data-element_type=\"container\" data-e-type=\"container\">\n\t\t\t\t<div class=\"elementor-element elementor-element-1e25bdc elementor-widget elementor-widget-image\" data-id=\"1e25bdc\" data-element_type=\"widget\" data-e-type=\"widget\" data-widget_type=\"image.default\">\n\t\t\t\t\t\t\t\t\t\t\t\t\t\t\t<img loading=\"lazy\" decoding=\"async\" width=\"296\" height=\"296\" src=\"https:\/\/pharmaesthetics.com.br\/wp-content\/uploads\/2025\/11\/ana-lucia-paixao.png\" class=\"attachment-full size-full wp-image-1905\" alt=\"\" srcset=\"https:\/\/pharmaesthetics.com.br\/wp-content\/uploads\/2025\/11\/ana-lucia-paixao.png 296w, https:\/\/pharmaesthetics.com.br\/wp-content\/uploads\/2025\/11\/ana-lucia-paixao-150x150.png 150w, https:\/\/pharmaesthetics.com.br\/wp-content\/uploads\/2025\/11\/ana-lucia-paixao-12x12.png 12w\" sizes=\"(max-width: 296px) 100vw, 296px\" \/>\t\t\t\t\t\t\t\t\t\t\t\t\t\t\t<\/div>\n\t\t<div class=\"elementor-element elementor-element-5a8a34a e-con-full e-flex e-con e-child\" data-id=\"5a8a34a\" data-element_type=\"container\" data-e-type=\"container\">\n\t\t\t\t<div class=\"elementor-element elementor-element-eb6d102 elementor-widget elementor-widget-heading\" data-id=\"eb6d102\" data-element_type=\"widget\" data-e-type=\"widget\" data-widget_type=\"heading.default\">\n\t\t\t\t\t<h3 class=\"elementor-heading-title elementor-size-default\">ANA LUCIA PAIX\u00c3O<\/h3>\t\t\t\t<\/div>\n\t\t\t\t<div class=\"elementor-element elementor-element-16a2521 elementor-widget elementor-widget-heading\" data-id=\"16a2521\" data-element_type=\"widget\" data-e-type=\"widget\" data-widget_type=\"heading.default\">\n\t\t\t\t\t<h4 class=\"elementor-heading-title elementor-size-default\">HEAD DE MARKETING E COMUNICA\u00c7\u00c3O<\/h4>\t\t\t\t<\/div>\n\t\t\t\t<div class=\"elementor-element elementor-element-f8bcdf5 elementor-widget elementor-widget-heading\" data-id=\"f8bcdf5\" data-element_type=\"widget\" data-e-type=\"widget\" data-widget_type=\"heading.default\">\n\t\t\t\t\t<p class=\"elementor-heading-title elementor-size-default\">Com ampla experi\u00eancia em estrat\u00e9gia, branding e comunica\u00e7\u00e3o integrada, Ana Lucia Paix\u00e3o construiu sua carreira liderando \u00e1reas de marketing em grandes empresas e diferentes segmentos, como Telecomunica\u00e7\u00e3o, Varejo, Bancos e Mercado de Luxo. Atualmente, est\u00e1 \u00e0 frente do Marketing da Pharmaesthetics do Brasil, onde lidera o posicionamento estrat\u00e9gico da marca e o desenvolvimento de produtos em um mercado altamente competitivo. Seu trabalho tem sido essencial na constru\u00e7\u00e3o da identidade institucional da Pharmaesthetics, no fortalecimento da presen\u00e7a nacional e no reposicionamento da marca como refer\u00eancia em ci\u00eancia, tecnologia e est\u00e9tica avan\u00e7ada.<\/p>\t\t\t\t<\/div>\n\t\t\t\t<\/div>\n\t\t\t\t<\/div>\n\t\t\t\t\t<\/div>\n\t\t\t\t<\/div>\n\t\t\t\t\t\t\t\t<\/div>\n\t\t\t\t\t\t\t\t\t\t\t<div class=\"swiper-slide\" data-slide=\"6\" role=\"group\" aria-roledescription=\"slide\" aria-label=\"6 de 8\">\n\t\t\t\t\t\t\t<div class=\"elementor-element elementor-element-1d93877 e-flex e-con-boxed e-con e-child\" data-id=\"1d93877\" data-element_type=\"container\" data-e-type=\"container\">\n\t\t\t\t\t<div class=\"e-con-inner\">\n\t\t<div class=\"elementor-element elementor-element-03becbc e-con-full e-flex e-con e-child\" data-id=\"03becbc\" data-element_type=\"container\" data-e-type=\"container\">\n\t\t\t\t<div class=\"elementor-element elementor-element-3f669d4 elementor-widget elementor-widget-image\" data-id=\"3f669d4\" data-element_type=\"widget\" data-e-type=\"widget\" data-widget_type=\"image.default\">\n\t\t\t\t\t\t\t\t\t\t\t\t\t\t\t<img loading=\"lazy\" decoding=\"async\" width=\"240\" height=\"240\" src=\"https:\/\/pharmaesthetics.com.br\/wp-content\/uploads\/2025\/09\/sobre-lideranca-brasil-rebeca-solda.png\" class=\"attachment-full size-full wp-image-235\" alt=\"\" srcset=\"https:\/\/pharmaesthetics.com.br\/wp-content\/uploads\/2025\/09\/sobre-lideranca-brasil-rebeca-solda.png 240w, https:\/\/pharmaesthetics.com.br\/wp-content\/uploads\/2025\/09\/sobre-lideranca-brasil-rebeca-solda-150x150.png 150w\" sizes=\"(max-width: 240px) 100vw, 240px\" \/>\t\t\t\t\t\t\t\t\t\t\t\t\t\t\t<\/div>\n\t\t<div class=\"elementor-element elementor-element-e8d0b7a e-con-full e-flex e-con e-child\" data-id=\"e8d0b7a\" data-element_type=\"container\" data-e-type=\"container\">\n\t\t\t\t<div class=\"elementor-element elementor-element-b1f4240 elementor-widget elementor-widget-heading\" data-id=\"b1f4240\" data-element_type=\"widget\" data-e-type=\"widget\" data-widget_type=\"heading.default\">\n\t\t\t\t\t<h3 class=\"elementor-heading-title elementor-size-default\">REBECA SOLDA<\/h3>\t\t\t\t<\/div>\n\t\t\t\t<div class=\"elementor-element elementor-element-a6a4e5b elementor-widget elementor-widget-heading\" data-id=\"a6a4e5b\" data-element_type=\"widget\" data-e-type=\"widget\" data-widget_type=\"heading.default\">\n\t\t\t\t\t<h4 class=\"elementor-heading-title elementor-size-default\">GERENTE NACIONAL DE VENDAS HOF<\/h4>\t\t\t\t<\/div>\n\t\t\t\t<div class=\"elementor-element elementor-element-a685928 elementor-widget elementor-widget-heading\" data-id=\"a685928\" data-element_type=\"widget\" data-e-type=\"widget\" data-widget_type=\"heading.default\">\n\t\t\t\t\t<p class=\"elementor-heading-title elementor-size-default\">Graduada pela Mackenzie e p\u00f3s-graduada pela FGV (Funda\u00e7\u00e3o Get\u00falio Vargas). Profissional com s\u00f3lida experi\u00eancia na Ind\u00fastria Farmac\u00eautica, em empresas de m\u00e9dio a grande porte, nacionais e multinacionais. Forte desempenho no mercado corporativo, prospec\u00e7\u00e3o e aberturas de clientes e estrat\u00e9gias comerciais. Excelente relacionamento no mercado nacional com profissionais renomados, conquistando assim o alcance de metas e resultados significativos. Experi\u00eancia em gest\u00e3o, motiva\u00e7\u00e3o e capacita\u00e7\u00e3o de habilidade em equipe.<\/p>\t\t\t\t<\/div>\n\t\t\t\t<\/div>\n\t\t\t\t<\/div>\n\t\t\t\t\t<\/div>\n\t\t\t\t<\/div>\n\t\t\t\t\t\t\t\t<\/div>\n\t\t\t\t\t\t\t\t\t\t\t<div class=\"swiper-slide\" data-slide=\"7\" role=\"group\" aria-roledescription=\"slide\" aria-label=\"7 de 8\">\n\t\t\t\t\t\t\t<div class=\"elementor-element elementor-element-2cc730f e-flex e-con-boxed e-con e-child\" data-id=\"2cc730f\" data-element_type=\"container\" data-e-type=\"container\">\n\t\t\t\t\t<div class=\"e-con-inner\">\n\t\t<div class=\"elementor-element elementor-element-628785e e-con-full e-flex e-con e-child\" data-id=\"628785e\" data-element_type=\"container\" data-e-type=\"container\">\n\t\t\t\t<div class=\"elementor-element elementor-element-e2b6ae3 elementor-widget elementor-widget-image\" data-id=\"e2b6ae3\" data-element_type=\"widget\" data-e-type=\"widget\" data-widget_type=\"image.default\">\n\t\t\t\t\t\t\t\t\t\t\t\t\t\t\t<img loading=\"lazy\" decoding=\"async\" width=\"240\" height=\"240\" src=\"https:\/\/pharmaesthetics.com.br\/wp-content\/uploads\/2026\/04\/sobre-lideranca-brasil-vitor-moriguti-2.png\" class=\"attachment-full size-full wp-image-2117\" alt=\"\" srcset=\"https:\/\/pharmaesthetics.com.br\/wp-content\/uploads\/2026\/04\/sobre-lideranca-brasil-vitor-moriguti-2.png 240w, https:\/\/pharmaesthetics.com.br\/wp-content\/uploads\/2026\/04\/sobre-lideranca-brasil-vitor-moriguti-2-150x150.png 150w, https:\/\/pharmaesthetics.com.br\/wp-content\/uploads\/2026\/04\/sobre-lideranca-brasil-vitor-moriguti-2-12x12.png 12w\" sizes=\"(max-width: 240px) 100vw, 240px\" \/>\t\t\t\t\t\t\t\t\t\t\t\t\t\t\t<\/div>\n\t\t<div class=\"elementor-element elementor-element-c413b18 e-con-full e-flex e-con e-child\" data-id=\"c413b18\" data-element_type=\"container\" data-e-type=\"container\">\n\t\t\t\t<div class=\"elementor-element elementor-element-ca214a2 elementor-widget elementor-widget-heading\" data-id=\"ca214a2\" data-element_type=\"widget\" data-e-type=\"widget\" data-widget_type=\"heading.default\">\n\t\t\t\t\t<h3 class=\"elementor-heading-title elementor-size-default\">ALEXANDRE MARIA<\/h3>\t\t\t\t<\/div>\n\t\t\t\t<div class=\"elementor-element elementor-element-04bbabf elementor-widget elementor-widget-heading\" data-id=\"04bbabf\" data-element_type=\"widget\" data-e-type=\"widget\" data-widget_type=\"heading.default\">\n\t\t\t\t\t<h4 class=\"elementor-heading-title elementor-size-default\">GERENTE NACIONAL DE VENDAS HOF<\/h4>\t\t\t\t<\/div>\n\t\t\t\t<div class=\"elementor-element elementor-element-2b7e09d elementor-widget elementor-widget-heading\" data-id=\"2b7e09d\" data-element_type=\"widget\" data-e-type=\"widget\" data-widget_type=\"heading.default\">\n\t\t\t\t\t<p class=\"elementor-heading-title elementor-size-default\">Graduado em Administra\u00e7\u00e3o de Empresas com MBA em Marketing pela FGV, possui s\u00f3lida trajet\u00f3ria nas \u00e1reas comercial e de marketing, com mais de 30 anos de experi\u00eancia em diferentes segmentos, incluindo est\u00e9tica, farmac\u00eautico e bens de consumo. Especialista em planejamento estrat\u00e9gico, estrutura\u00e7\u00e3o de equipes de vendas, lan\u00e7amento de produtos e posicionamento de marcas, com forte atua\u00e7\u00e3o em desenvolvimento de pessoas e lideran\u00e7a de processos de transforma\u00e7\u00e3o orientados \u00e0 performance.<\/p>\t\t\t\t<\/div>\n\t\t\t\t<\/div>\n\t\t\t\t<\/div>\n\t\t\t\t\t<\/div>\n\t\t\t\t<\/div>\n\t\t\t\t\t\t\t\t<\/div>\n\t\t\t\t\t\t\t\t\t\t\t<div class=\"swiper-slide\" data-slide=\"8\" role=\"group\" aria-roledescription=\"slide\" aria-label=\"8 de 8\">\n\t\t\t\t\t\t\t<div class=\"elementor-element elementor-element-406bb28 e-flex e-con-boxed e-con e-child\" data-id=\"406bb28\" data-element_type=\"container\" data-e-type=\"container\">\n\t\t\t\t\t<div class=\"e-con-inner\">\n\t\t<div class=\"elementor-element elementor-element-02bfa93 e-con-full e-flex e-con e-child\" data-id=\"02bfa93\" data-element_type=\"container\" data-e-type=\"container\">\n\t\t\t\t<div class=\"elementor-element elementor-element-eecc299 elementor-widget elementor-widget-image\" data-id=\"eecc299\" data-element_type=\"widget\" data-e-type=\"widget\" data-widget_type=\"image.default\">\n\t\t\t\t\t\t\t\t\t\t\t\t\t\t\t<img loading=\"lazy\" decoding=\"async\" width=\"296\" height=\"296\" src=\"https:\/\/pharmaesthetics.com.br\/wp-content\/uploads\/2025\/10\/equipe-cristiano.png\" class=\"attachment-full size-full wp-image-1636\" alt=\"\" srcset=\"https:\/\/pharmaesthetics.com.br\/wp-content\/uploads\/2025\/10\/equipe-cristiano.png 296w, https:\/\/pharmaesthetics.com.br\/wp-content\/uploads\/2025\/10\/equipe-cristiano-150x150.png 150w\" sizes=\"(max-width: 296px) 100vw, 296px\" \/>\t\t\t\t\t\t\t\t\t\t\t\t\t\t\t<\/div>\n\t\t<div class=\"elementor-element elementor-element-15566fe e-con-full e-flex e-con e-child\" data-id=\"15566fe\" data-element_type=\"container\" data-e-type=\"container\">\n\t\t\t\t<div class=\"elementor-element elementor-element-ed10fa8 elementor-widget elementor-widget-heading\" data-id=\"ed10fa8\" data-element_type=\"widget\" data-e-type=\"widget\" data-widget_type=\"heading.default\">\n\t\t\t\t\t<h3 class=\"elementor-heading-title elementor-size-default\">CRISTIANO MARQUES <\/h3>\t\t\t\t<\/div>\n\t\t\t\t<div class=\"elementor-element elementor-element-ba4955f elementor-widget elementor-widget-heading\" data-id=\"ba4955f\" data-element_type=\"widget\" data-e-type=\"widget\" data-widget_type=\"heading.default\">\n\t\t\t\t\t<h4 class=\"elementor-heading-title elementor-size-default\">GERENTE NACIONAL DE VENDAS DISTRIBUIDORES, FRANQUIAS E M\u00c9DICA<\/h4>\t\t\t\t<\/div>\n\t\t\t\t<div class=\"elementor-element elementor-element-f56753b elementor-widget elementor-widget-heading\" data-id=\"f56753b\" data-element_type=\"widget\" data-e-type=\"widget\" data-widget_type=\"heading.default\">\n\t\t\t\t\t<p class=\"elementor-heading-title elementor-size-default\">Graduado pela Universidade 9 de julho em Propaganda de Produtos Farmac\u00eauticos, com mais de 25 anos de experi\u00eancia no mercado Brasileiro, respons\u00e1vel pela comercializa\u00e7\u00e3o de Preenchedores, Bio Estimuladores, Fios de sustenta\u00e7\u00e3o, Toxina Botul\u00ednica, pr\u00f3teses mam\u00e1rias e tecnologias, contribuindo significativamente para o crescimento dessa categoria nas principais empresas Nacionais e Multinacionais do segmento. Experi\u00eancia em desenvolvimento e gerenciamento de equipes de vendas.<\/p>\t\t\t\t<\/div>\n\t\t\t\t<\/div>\n\t\t\t\t<\/div>\n\t\t\t\t\t<\/div>\n\t\t\t\t<\/div>\n\t\t\t\t\t\t\t\t<\/div>\n\t\t\t\t\t\t\t\t<\/div>\n\t\t<\/div>\n\t\t\t\t\t<div class=\"elementor-swiper-button elementor-swiper-button-prev\" role=\"button\" tabindex=\"0\" aria-label=\"Anterior\">\n\t\t\t\t<svg xmlns=\"http:\/\/www.w3.org\/2000\/svg\" width=\"30\" height=\"30\" viewBox=\"0 0 30 30\" fill=\"none\"><rect x=\"-0.5\" y=\"0.5\" width=\"29\" height=\"29\" rx=\"2.5\" transform=\"matrix(-1 0 0 1 29 0)\" stroke=\"#009EDE\"><\/rect><g clip-path=\"url(#clip0_148_1233)\"><path d=\"M15.2139 8.72852L8.11989 15.8225L15.2062 22.9088\" stroke=\"#009EDE\" stroke-width=\"1.3\" stroke-miterlimit=\"10\"><\/path><path d=\"M22.3002 15.8148L8.11989 15.8225\" stroke=\"#009EDE\" stroke-width=\"1.3\" stroke-miterlimit=\"10\"><\/path><\/g><defs><clipPath id=\"clip0_148_1233\"><rect width=\"11.2272\" height=\"11.2151\" fill=\"white\" transform=\"matrix(-0.707107 0.707107 0.707107 0.707107 15.0693 7.88428)\"><\/rect><\/clipPath><\/defs><\/svg>\t\t\t<\/div>\n\t\t\t<div class=\"elementor-swiper-button elementor-swiper-button-next\" role=\"button\" tabindex=\"0\" aria-label=\"Pr\u00f3ximo\">\n\t\t\t\t<svg xmlns=\"http:\/\/www.w3.org\/2000\/svg\" width=\"30\" height=\"30\" viewBox=\"0 0 30 30\" fill=\"none\"><rect x=\"0.5\" y=\"0.5\" width=\"29\" height=\"29\" rx=\"2.5\" stroke=\"#009EDE\"><\/rect><g clip-path=\"url(#clip0_148_1820)\"><path d=\"M14.7861 7.72862L21.8801 14.8226L14.7938 21.9089\" stroke=\"#009EDE\" stroke-width=\"1.3\" stroke-miterlimit=\"10\"><\/path><path d=\"M7.69985 14.8149L21.8801 14.8226\" stroke=\"#009EDE\" stroke-width=\"1.3\" stroke-miterlimit=\"10\"><\/path><\/g><defs><clipPath id=\"clip0_148_1820\"><rect width=\"11.2272\" height=\"11.2151\" fill=\"white\" transform=\"translate(14.9302 6.88428) rotate(45)\"><\/rect><\/clipPath><\/defs><\/svg>\t\t\t<\/div>\n\t\t\t\t\t\t<\/div>\n\t\t\t\t\t<\/div>\n\t\t\t\t<\/div>\n\t\t\t\t<\/div>\n\t\t\t\t<\/div>\n\t\t\t\t\t\t<\/div>\n\t\t\t\t<\/div>\n\t\t\t\t<\/div>\n\t\t\t\t<\/div>\n\t\t","protected":false},"excerpt":{"rendered":"<p>Quando a ci\u00eancia encontra um prop\u00f3sito Antecipamos o futuro para melhor atender um Mercado cada vez mais exigente, nos seus processos de controle, normas e par\u00e2metros. Nossa hist\u00f3ria Idealizada e fundada por profissionais que constru\u00edram juntos uma hist\u00f3ria de sucesso no mercado mundial da Medicina Est\u00e9tica com a marca de fios de \u00e1cido polil\u00e1tico (Silhouette [&hellip;]<\/p>\n","protected":false},"author":1,"featured_media":0,"parent":0,"menu_order":0,"comment_status":"closed","ping_status":"closed","template":"elementor_header_footer","meta":{"footnotes":""},"class_list":["post-38","page","type-page","status-publish","hentry"],"_links":{"self":[{"href":"https:\/\/pharmaesthetics.com.br\/es\/wp-json\/wp\/v2\/pages\/38","targetHints":{"allow":["GET"]}}],"collection":[{"href":"https:\/\/pharmaesthetics.com.br\/es\/wp-json\/wp\/v2\/pages"}],"about":[{"href":"https:\/\/pharmaesthetics.com.br\/es\/wp-json\/wp\/v2\/types\/page"}],"author":[{"embeddable":true,"href":"https:\/\/pharmaesthetics.com.br\/es\/wp-json\/wp\/v2\/users\/1"}],"replies":[{"embeddable":true,"href":"https:\/\/pharmaesthetics.com.br\/es\/wp-json\/wp\/v2\/comments?post=38"}],"version-history":[{"count":30,"href":"https:\/\/pharmaesthetics.com.br\/es\/wp-json\/wp\/v2\/pages\/38\/revisions"}],"predecessor-version":[{"id":2109,"href":"https:\/\/pharmaesthetics.com.br\/es\/wp-json\/wp\/v2\/pages\/38\/revisions\/2109"}],"wp:attachment":[{"href":"https:\/\/pharmaesthetics.com.br\/es\/wp-json\/wp\/v2\/media?parent=38"}],"curies":[{"name":"wp","href":"https:\/\/api.w.org\/{rel}","templated":true}]}}